{"id":392,"date":"2020-01-26T22:56:11","date_gmt":"2020-01-26T21:56:11","guid":{"rendered":"http:\/\/afaescolabarcelona.cat\/?page_id=392"},"modified":"2021-04-15T17:18:00","modified_gmt":"2021-04-15T16:18:00","slug":"comisio-economica","status":"publish","type":"page","link":"https:\/\/www.afaescolabarcelona.cat\/index.php\/comisio-economica\/","title":{"rendered":"Comisi\u00f3 Econ\u00f2mica i Legal"},"content":{"rendered":"\n<div class=\"wp-block-themeisle-blocks-advanced-columns has-1-columns has-desktop-equal-layout has-tablet-equal-layout has-mobile-equal-layout has-nogap-gap has-vertical-unset\" id=\"wp-block-themeisle-blocks-advanced-columns-e16fbdd6\"><div class=\"wp-block-themeisle-blocks-advanced-columns-overlay\"><\/div><div class=\"innerblocks-wrap\">\n<div class=\"wp-block-themeisle-blocks-advanced-column\" id=\"wp-block-themeisle-blocks-advanced-column-af3f3e5e\">\n<p>Actuaci\u00f3 conjunta de les dues \u00e0rees de la Comissi\u00f3 per tal de<strong> fer un seguiment de l\u2019estat de la situaci\u00f3 econ\u00f2mica de l\u2019AFA i del compliment dels acords i compromisos als que est\u00e0 subjecte.<\/strong><\/p>\n\n\n\n<h2 id=\"wp-block-themeisle-blocks-advanced-heading-252d0861\" class=\"wp-block-themeisle-blocks-advanced-heading wp-block-themeisle-blocks-advanced-heading-252d0861\"><strong>\u00c0rea Econ\u00f2mica:<\/strong><\/h2>\n\n\n\n<p><strong>Objectiu:<\/strong>&nbsp;<\/p>\n\n\n\n<p>Gestionar el fons de l\u2019AFA que arriba de les aportacions de les fam\u00edlies i puntualment d\u2019ajuts a les fam\u00edlies o subvencions a les que pugui acollir-se l\u2019AFA per a la gesti\u00f3 de les seves activitats.<\/p>\n\n\n\n<p><strong>Funcions:<\/strong>&nbsp;<\/p>\n\n\n\n<ul class=\"wp-block-list\"><li>Recapte i cust\u00f2dia del fons de l\u2019AFA. Fer els pagaments i cobraments determinats per Junta.<\/li><li>Portar la contabilitat i fer seguiment dels moviments bancaris.<\/li><li>Elaboraci\u00f3 dels pressupostos anuals i seguiment mensual de l\u2019estat econ\u00f2mic durant l\u2019any.<\/li><li>Gesti\u00f3 de les incid\u00e8ncies econ\u00f2miques que vagin sorgint, ja sigui amb els prove\u00efdors externs com amb les fam\u00edlies de l\u2019Escola.<\/li><li>Demanar pressupostos i canalitzar les necessitats econ\u00f2miques d\u2019altres comissions.<\/li><li>Gesti\u00f3 de les subvencions i\/o ajudes a les que pugui acollir-se \u2018AFA i les fam\u00edlies associades.<\/li><\/ul>\n\n\n\n<p><strong>Documents per aportar a Junta<\/strong><\/p>\n\n\n\n<p><strong>3.1 \u00c0rea econ\u00f2mica:<\/strong><\/p>\n\n\n\n<ul class=\"wp-block-list\"><li>Pressupost del curs (valoraci\u00f3 Junta i presentaci\u00f3 Assemblea)<\/li><li>Balan\u00e7 mensual intern de situaci\u00f3 (valoraci\u00f3 Junta)<\/li><li>Estat de comptes &nbsp;(valoraci\u00f3 Junta i presentaci\u00f3 Assemblea)<\/li><li>Balan\u00e7 econ\u00f2mic i mem\u00f2ria anual &nbsp;(valoraci\u00f3 Junta i presentaci\u00f3 Assemblea)<\/li><\/ul>\n\n\n\n<h2 id=\"wp-block-themeisle-blocks-advanced-heading-60b8c080\" class=\"wp-block-themeisle-blocks-advanced-heading wp-block-themeisle-blocks-advanced-heading-60b8c080\"><strong>\u00c0rea Legal<\/strong><\/h2>\n\n\n\n<p><strong>Objectiu:<\/strong>&nbsp;<\/p>\n\n\n\n<p>Revisi\u00f3, seguiment i validaci\u00f3 dels contractes i acords signats per l\u2019AFA. Seguiment de les obligacions legals a les que est\u00e0 sotmesa l\u2019AFA i punt de contacte per qualsevol acci\u00f3 necess\u00e0ria en mat\u00e8ria de Protecci\u00f3 de Dades.&nbsp;<\/p>\n\n\n\n<p><strong>Funcions:<\/strong>&nbsp;<\/p>\n\n\n\n<ul class=\"wp-block-list\"><li>Aprovaci\u00f3 i revisi\u00f3 de les propostes de contractes amb les empreses prove\u00efdores i del personal contractat per l\u2019AFA.<\/li><li>Vetllar pel compliment dels Estatuts de l\u2019AFA aix\u00ed com dels compromisos adquirits en la signatura del acors i contractes i de la normativa que sigui d\u2019aplicaci\u00f3.<\/li><li>Suport en tots aquells processos relacionats amb els aspectes jur\u00eddics de l\u2019AFA com tr\u00e0mits de constituci\u00f3 i de certificaci\u00f3 dels seus apoderats.<\/li><li>Coordinaci\u00f3 de les accions de l\u2019AFA en materia de Protecci\u00f3 de Dades.<\/li><li>Donar suport a la resta de comissions en aquelles q\u00fcestions que puguin requerir<\/li><\/ul>\n\n\n\n<p><strong>Documents per aportar a Junta<\/strong><\/p>\n\n\n\n<ul class=\"wp-block-list\"><li>Previsi\u00f3 de venciments i renovacions de Contractes i Acords<\/li><li>Formularis de compliment<\/li><\/ul>\n<\/div>\n<\/div><\/div>\n","protected":false},"excerpt":{"rendered":"","protected":false},"author":1,"featured_media":0,"parent":0,"menu_order":0,"comment_status":"closed","ping_status":"closed","template":"","meta":{"footnotes":""},"class_list":["post-392","page","type-page","status-publish","hentry"],"post_mailing_queue_ids":[],"_links":{"self":[{"href":"https:\/\/www.afaescolabarcelona.cat\/index.php\/wp-json\/wp\/v2\/pages\/392","targetHints":{"allow":["GET"]}}],"collection":[{"href":"https:\/\/www.afaescolabarcelona.cat\/index.php\/wp-json\/wp\/v2\/pages"}],"about":[{"href":"https:\/\/www.afaescolabarcelona.cat\/index.php\/wp-json\/wp\/v2\/types\/page"}],"author":[{"embeddable":true,"href":"https:\/\/www.afaescolabarcelona.cat\/index.php\/wp-json\/wp\/v2\/users\/1"}],"replies":[{"embeddable":true,"href":"https:\/\/www.afaescolabarcelona.cat\/index.php\/wp-json\/wp\/v2\/comments?post=392"}],"version-history":[{"count":4,"href":"https:\/\/www.afaescolabarcelona.cat\/index.php\/wp-json\/wp\/v2\/pages\/392\/revisions"}],"predecessor-version":[{"id":1914,"href":"https:\/\/www.afaescolabarcelona.cat\/index.php\/wp-json\/wp\/v2\/pages\/392\/revisions\/1914"}],"wp:attachment":[{"href":"https:\/\/www.afaescolabarcelona.cat\/index.php\/wp-json\/wp\/v2\/media?parent=392"}],"curies":[{"name":"wp","href":"https:\/\/api.w.org\/{rel}","templated":true}]}}