{"id":919,"date":"2020-03-09T00:01:30","date_gmt":"2020-03-08T23:01:30","guid":{"rendered":"http:\/\/afaescolabarcelona.cat\/?page_id=919"},"modified":"2023-10-10T12:02:29","modified_gmt":"2023-10-10T11:02:29","slug":"com-participar","status":"publish","type":"page","link":"https:\/\/www.afaescolabarcelona.cat\/index.php\/com-participar\/","title":{"rendered":"Com participar"},"content":{"rendered":"\n<div id=\"wp-block-themeisle-blocks-advanced-columns-61f05adb\" style=\"border-width:0px;border-style:solid;border-color:#000000;border-radius:0px;justify-content:unset;margin-left: 0px;margin-right: 0px\"><div class=\"wp-themeisle-block-overlay\" style=\"opacity:0.5;mix-blend-mode:normal\"><\/div><div class=\"innerblocks-wrap\">\n<div class=\"wp-block-themeisle-blocks-advanced-column\" id=\"wp-block-themeisle-blocks-advanced-column-380aa186\" style=\"border-width:0px;border-style:solid;border-color:#000000;border-radius:0px\">\n<p><b>Assistint a l\u2019assemblea.<\/b> \u00c9s l\u2019espai de trobada anual i una bona ocasi\u00f3 per con\u00e8ixer-ne el funcionament i les possibilitats que ofereix.<br>Durant l\u2019assemblea:<\/p>\n<ul>\n<li>Es presenta el balan\u00e7 de les activitats del curs anterior.<\/li><li>Es fa p\u00fablic l\u2019estat de comptes.<\/li><li>Es donen a con\u00e8ixer les previsions del curs en marxa.<\/li><li>Es ratifica la Junta que dur\u00e0 a terme la gesti\u00f3 anual, aix\u00ed com els seus c\u00e0rrecs.<\/li><li>Podeu presentar dubtes, propostes\u2026<\/li><\/ul>\n<p><b>Col\u00b7laborant en les activitats.<\/b> Hi ha molts moments al llarg del curs en qu\u00e8 cal la implicaci\u00f3 de les fam\u00edlies per preparar les activitats previstes (condicionar el pati quan es realitzen activitats esportives, ajudar en l\u2019organitzaci\u00f3 dels encants, fer arribar llibres per a la paradeta de Sant Jordi, etc.). S\u00f3n petites fites que serveixen perqu\u00e8 tots puguem gaudir de les activitats amb els nostres fills i filles. L\u00f2gicament, no ens conformem amb el que fem, sin\u00f3 que desitgem que m\u00e9s membres aportin noves idees i, conjuntament, tirar-les endavant.<\/p><p><b>Integrant-vos a la Junta i\/o a alguna de les seves comissions.<\/b> Si hi ha una comissi\u00f3 en la que creieu que ser\u00edeu molt \u00fatils, parleu amb la comissi\u00f3 per col\u00b7laborar-hi. Si, a m\u00e9s, teniu noves idees o, senzillament, ganes de participar activament en la gesti\u00f3 del dia a dia de les activitats de l\u2019AFA, integreu-vos a la Junta.<\/p><p><b>La Junta de l\u2019AFA es reuneix amb una periodicitat mensual, generalment el primer dimarts de cada mes, a les 19:30 del vespre<\/b>, i ens permet:<\/p>\n<ul>\n<li>Gestionar el funcionament de les activitats.<\/li><li>Recollir, tractar i mirar de resoldre les queixes i dubtes que es tinguin pel que fa a l\u2019escola i l\u2019AFA.<\/li><li>Escoltar i aplicar noves propostes que realitzen les fam\u00edlies. <\/li><\/ul>\n<\/div>\n<\/div><\/div>\n\n\n\n<p><\/p>\n","protected":false},"excerpt":{"rendered":"<p>Assistint a l\u2019assemblea. \u00c9s l\u2019espai de trobada anual i una bona ocasi\u00f3 per con\u00e8ixer-ne el funcionament i les possibilitats que ofereix.Durant l\u2019assemblea: Es presenta el balan\u00e7 de les activitats del curs anterior. Es fa p\u00fablic l\u2019estat de comptes. Es donen a con\u00e8ixer les previsions del curs en marxa. Es ratifica [&hellip;]<\/p>\n","protected":false},"author":1,"featured_media":0,"parent":0,"menu_order":0,"comment_status":"closed","ping_status":"closed","template":"","meta":{"footnotes":""},"class_list":["post-919","page","type-page","status-publish","hentry"],"post_mailing_queue_ids":[],"_links":{"self":[{"href":"https:\/\/www.afaescolabarcelona.cat\/index.php\/wp-json\/wp\/v2\/pages\/919","targetHints":{"allow":["GET"]}}],"collection":[{"href":"https:\/\/www.afaescolabarcelona.cat\/index.php\/wp-json\/wp\/v2\/pages"}],"about":[{"href":"https:\/\/www.afaescolabarcelona.cat\/index.php\/wp-json\/wp\/v2\/types\/page"}],"author":[{"embeddable":true,"href":"https:\/\/www.afaescolabarcelona.cat\/index.php\/wp-json\/wp\/v2\/users\/1"}],"replies":[{"embeddable":true,"href":"https:\/\/www.afaescolabarcelona.cat\/index.php\/wp-json\/wp\/v2\/comments?post=919"}],"version-history":[{"count":7,"href":"https:\/\/www.afaescolabarcelona.cat\/index.php\/wp-json\/wp\/v2\/pages\/919\/revisions"}],"predecessor-version":[{"id":2541,"href":"https:\/\/www.afaescolabarcelona.cat\/index.php\/wp-json\/wp\/v2\/pages\/919\/revisions\/2541"}],"wp:attachment":[{"href":"https:\/\/www.afaescolabarcelona.cat\/index.php\/wp-json\/wp\/v2\/media?parent=919"}],"curies":[{"name":"wp","href":"https:\/\/api.w.org\/{rel}","templated":true}]}}